{"id":19,"date":"2020-07-17T14:03:16","date_gmt":"2020-07-17T12:03:16","guid":{"rendered":"https:\/\/mentalspa.rs\/?page_id=19"},"modified":"2021-01-16T11:10:09","modified_gmt":"2021-01-16T10:10:09","slug":"blog","status":"publish","type":"page","link":"https:\/\/mentalspa.rs\/en\/blog\/","title":{"rendered":"Dragana Potic &#8211; Mental Spa | Blog"},"content":{"rendered":"<section class=\"l-section wpb_row height_medium\"><div class=\"l-section-h i-cf\"><div class=\"g-cols vc_row type_default valign_top\"><div class=\"vc_col-sm-12 wpb_column vc_column_container\"><div class=\"vc_column-inner\"><div class=\"wpb_wrapper\"><div class=\"g-cols wpb_row  type_default valign_top vc_inner\"><div class=\"vc_col-sm-12 wpb_column vc_column_container\"><div class=\"vc_column-inner\"><div class=\"wpb_wrapper\"><div class=\"wpb_text_column us_custom_9d1e26d6\" ><div class=\"wpb_wrapper\"><h3>Available in Serbian only<\/h3>\n<\/div><\/div><\/div><\/div><\/div><\/div><div class=\"g-cols wpb_row  type_default valign_top vc_inner\"><div class=\"vc_col-sm-12 wpb_column vc_column_container\"><div class=\"vc_column-inner\"><div class=\"wpb_wrapper\"><div class=\"w-grid type_grid layout_73 cols_2 with_pagination\" id=\"us_grid_1\" data-filterable=\"true\"><style id=\"us_grid_1_css\">#us_grid_1 .w-grid-item{padding:1.5rem}#us_grid_1 .w-grid-list{margin:-1.5rem -1.5rem 1.5rem}.w-grid + #us_grid_1 .w-grid-list{margin-top:1.5rem}@media (max-width:599px){#us_grid_1 .w-grid-list{margin:0}#us_grid_1 .w-grid-item{width:100.0000%;padding:0;margin-bottom:1.5rem}}<\/style><style>.layout_73 .w-grid-item-h{}.layout_73 .usg_post_title_1{font-size:1.4rem!important}.layout_73 .usg_post_image_1{margin-top:0.6rem!important}.layout_73 .usg_post_content_1{font-size:0.9rem!important;line-height:1.7!important;margin-top:0.8rem!important}@media (max-width:599px){.layout_73 .usg_post_title_1{font-size:1.2rem!important}}<\/style><div class=\"w-grid-list\" ><article class=\"w-grid-item size_1x1 post-103 post type-post status-publish format-standard has-post-thumbnail hentry category-blog\" data-id=\"103\">\r\n\t<div class=\"w-grid-item-h\">\r\n\t\t\t\t<h2 class=\"w-post-elm post_title usg_post_title_1 entry-title color_link_inherit\"><a href=\"https:\/\/mentalspa.rs\/en\/2020\/07\/21\/mentalna-higijena-znacaj-prevencije\/\">Mentalna higijena\/zna\u010daj prevencije<\/a><\/h2><div class=\"w-post-elm post_image usg_post_image_1 stretched\"><a href=\"https:\/\/mentalspa.rs\/en\/2020\/07\/21\/mentalna-higijena-znacaj-prevencije\/\" aria-label=\"Mentalna higijena\/zna\u010daj prevencije\"><img width=\"600\" height=\"315\" src=\"https:\/\/mentalspa.rs\/en\/wp-content\/uploads\/sites\/2\/2020\/07\/wmhd-600x315.jpg\" class=\"attachment-us_600_315 size-us_600_315 wp-post-image\" alt=\"\" loading=\"lazy\" srcset=\"https:\/\/mentalspa.rs\/en\/wp-content\/uploads\/sites\/2\/2020\/07\/wmhd-600x315.jpg 600w, https:\/\/mentalspa.rs\/en\/wp-content\/uploads\/sites\/2\/2020\/07\/wmhd-300x158.jpg 300w, https:\/\/mentalspa.rs\/en\/wp-content\/uploads\/sites\/2\/2020\/07\/wmhd-1024x538.jpg 1024w, https:\/\/mentalspa.rs\/en\/wp-content\/uploads\/sites\/2\/2020\/07\/wmhd.jpg 1200w\" sizes=\"(max-width: 600px) 100vw, 600px\" \/><\/a><\/div><div class=\"w-post-elm post_content usg_post_content_1\">Neodgovornost prema psihi\u010dkom zdravlju neretko doprinosi razvoju neprijatnih posledica (od psihi\u010dkih poreme\u0107aja, anksioznosti, teskobe, patnje do psihosomatskih oboljenja i\u00a0 kardiovaskularnih tegoba, alergijskih itd..Da li je samo neodgovornost ili nedovoljna svesnost ljudi o zna\u010daju ne samo prevencije ve\u0107 i promocije mentalnog zdravlja kao i le\u010denju poreme\u0107aja i oboljenja. Istra\u017eivanja pokazuju da&hellip;<\/div>\t<\/div>\r\n<\/article>\r\n<article class=\"w-grid-item size_1x1 post-95 post type-post status-publish format-standard has-post-thumbnail hentry category-blog\" data-id=\"95\">\r\n\t<div class=\"w-grid-item-h\">\r\n\t\t\t\t<h2 class=\"w-post-elm post_title usg_post_title_1 entry-title color_link_inherit\"><a href=\"https:\/\/mentalspa.rs\/en\/2020\/07\/21\/internacionalni-interdisciplinarni-kongres-gestalt-terapije\/\">Internacionalni interdisciplinarni Kongres ge\u0161talt terapije<\/a><\/h2><div class=\"w-post-elm post_image usg_post_image_1 stretched\"><a href=\"https:\/\/mentalspa.rs\/en\/2020\/07\/21\/internacionalni-interdisciplinarni-kongres-gestalt-terapije\/\" aria-label=\"Internacionalni interdisciplinarni Kongres ge\u0161talt terapije\"><img width=\"600\" height=\"315\" src=\"https:\/\/mentalspa.rs\/en\/wp-content\/uploads\/sites\/2\/2020\/07\/20170924_094205-600x315.jpg\" class=\"attachment-us_600_315 size-us_600_315 wp-post-image\" alt=\"\" loading=\"lazy\" srcset=\"https:\/\/mentalspa.rs\/en\/wp-content\/uploads\/sites\/2\/2020\/07\/20170924_094205-600x315.jpg 600w, https:\/\/mentalspa.rs\/en\/wp-content\/uploads\/sites\/2\/2020\/07\/20170924_094205-300x158.jpg 300w, https:\/\/mentalspa.rs\/en\/wp-content\/uploads\/sites\/2\/2020\/07\/20170924_094205-1024x538.jpg 1024w, https:\/\/mentalspa.rs\/en\/wp-content\/uploads\/sites\/2\/2020\/07\/20170924_094205.jpg 1200w\" sizes=\"(max-width: 600px) 100vw, 600px\" \/><\/a><\/div><div class=\"w-post-elm post_content usg_post_content_1\">Zavr\u0161en je Drugi internacionalni Kongres Ge\u0161talt terapije, odr\u017ean ove godine u Beogradu u organizaciji Srpskog udru\u017eenja za ge\u0161talt psihoterapiju. Tema\u00a0\u00a0 Kongresa bila je ,,\u010covek i procesi promene \u2013 implikacije za ge\u0161talt terapiju,, Koncepcija Kongresa se sastojala iz predavanja i radionica, a gosti\u00a0 su bili iz raznih zemalja od Sad-a, Francuske,&hellip;<\/div>\t<\/div>\r\n<\/article>\r\n<article class=\"w-grid-item size_1x1 post-85 post type-post status-publish format-standard has-post-thumbnail hentry category-blog\" data-id=\"85\">\r\n\t<div class=\"w-grid-item-h\">\r\n\t\t\t\t<h2 class=\"w-post-elm post_title usg_post_title_1 entry-title color_link_inherit\"><a href=\"https:\/\/mentalspa.rs\/en\/2020\/07\/21\/futuroloska-skola-ne-tako-daleka-buducnost\/\">Futurolo\u0161ka \u0161kola \u2013 ne tako daleka budu\u0107nost<\/a><\/h2><div class=\"w-post-elm post_image usg_post_image_1 stretched\"><a href=\"https:\/\/mentalspa.rs\/en\/2020\/07\/21\/futuroloska-skola-ne-tako-daleka-buducnost\/\" aria-label=\"Futurolo\u0161ka \u0161kola \u2013 ne tako daleka budu\u0107nost\"><img width=\"600\" height=\"315\" src=\"https:\/\/mentalspa.rs\/en\/wp-content\/uploads\/sites\/2\/2020\/07\/knjige-600x315.jpg\" class=\"attachment-us_600_315 size-us_600_315 wp-post-image\" alt=\"\" loading=\"lazy\" srcset=\"https:\/\/mentalspa.rs\/en\/wp-content\/uploads\/sites\/2\/2020\/07\/knjige-600x315.jpg 600w, https:\/\/mentalspa.rs\/en\/wp-content\/uploads\/sites\/2\/2020\/07\/knjige-300x158.jpg 300w, https:\/\/mentalspa.rs\/en\/wp-content\/uploads\/sites\/2\/2020\/07\/knjige-1024x538.jpg 1024w, https:\/\/mentalspa.rs\/en\/wp-content\/uploads\/sites\/2\/2020\/07\/knjige.jpg 1200w\" sizes=\"(max-width: 600px) 100vw, 600px\" \/><\/a><\/div><div class=\"w-post-elm post_content usg_post_content_1\">Daleka budu\u0107nost prebrzo je stigla do na\u0161ih \u0161kola. Obrazovanje i \u0161kole u budu\u0107nosti, Mo\u017eda nam je ta budu\u0107nost vec do\u0161la, a \u00a0mi se nismo spremili za nju? Obrazovanje svakako \u00a0treba da bude priprema za odredjenu budu\u0107nost. \u00a0Nasa budu\u0107nost koja je na silu postala i \u017eivi globalnu sliku sada nas usmerava&hellip;<\/div>\t<\/div>\r\n<\/article>\r\n<article class=\"w-grid-item size_1x1 post-82 post type-post status-publish format-standard has-post-thumbnail hentry category-blog\" data-id=\"82\">\r\n\t<div class=\"w-grid-item-h\">\r\n\t\t\t\t<h2 class=\"w-post-elm post_title usg_post_title_1 entry-title color_link_inherit\"><a href=\"https:\/\/mentalspa.rs\/en\/2020\/07\/21\/brzi-zivotni-tempo-i-psihoterapija\/\">Brzi \u017eivotni tempo i psihoterapija<\/a><\/h2><div class=\"w-post-elm post_image usg_post_image_1 stretched\"><a href=\"https:\/\/mentalspa.rs\/en\/2020\/07\/21\/brzi-zivotni-tempo-i-psihoterapija\/\" aria-label=\"Brzi \u017eivotni tempo i psihoterapija\"><img width=\"600\" height=\"315\" src=\"https:\/\/mentalspa.rs\/en\/wp-content\/uploads\/sites\/2\/2020\/07\/nerves-2926087_1280-600x315.jpg\" class=\"attachment-us_600_315 size-us_600_315 wp-post-image\" alt=\"\" loading=\"lazy\" srcset=\"https:\/\/mentalspa.rs\/en\/wp-content\/uploads\/sites\/2\/2020\/07\/nerves-2926087_1280-600x315.jpg 600w, https:\/\/mentalspa.rs\/en\/wp-content\/uploads\/sites\/2\/2020\/07\/nerves-2926087_1280-300x157.jpg 300w, https:\/\/mentalspa.rs\/en\/wp-content\/uploads\/sites\/2\/2020\/07\/nerves-2926087_1280-1024x537.jpg 1024w, https:\/\/mentalspa.rs\/en\/wp-content\/uploads\/sites\/2\/2020\/07\/nerves-2926087_1280.jpg 1200w\" sizes=\"(max-width: 600px) 100vw, 600px\" \/><\/a><\/div><div class=\"w-post-elm post_content usg_post_content_1\">Pitate se : Za\u0161to nam je potrebna psihoterapija? Ako se osvrnemo na pro\u0161lost i pogledamo u vreme kada se ona razvila, a to je vreme sredine pro\u0161log veka, posleratno vreme, trebalo je obuhvatiti sva ona razaranja i posledice koje je rat ostavio na ceo svet\u2026ljudima je bila potrebna podr\u0161ka i&hellip;<\/div>\t<\/div>\r\n<\/article>\r\n<article class=\"w-grid-item size_1x1 post-79 post type-post status-publish format-standard has-post-thumbnail hentry category-blog\" data-id=\"79\">\r\n\t<div class=\"w-grid-item-h\">\r\n\t\t\t\t<h2 class=\"w-post-elm post_title usg_post_title_1 entry-title color_link_inherit\"><a href=\"https:\/\/mentalspa.rs\/en\/2020\/07\/21\/biti-u-ljubavi\/\">Biti u ljubavi<\/a><\/h2><div class=\"w-post-elm post_image usg_post_image_1 stretched\"><a href=\"https:\/\/mentalspa.rs\/en\/2020\/07\/21\/biti-u-ljubavi\/\" aria-label=\"Biti u ljubavi\"><img width=\"600\" height=\"315\" src=\"https:\/\/mentalspa.rs\/en\/wp-content\/uploads\/sites\/2\/2020\/07\/abstract-2468874_1280-600x315.jpg\" class=\"attachment-us_600_315 size-us_600_315 wp-post-image\" alt=\"\" loading=\"lazy\" srcset=\"https:\/\/mentalspa.rs\/en\/wp-content\/uploads\/sites\/2\/2020\/07\/abstract-2468874_1280-600x315.jpg 600w, https:\/\/mentalspa.rs\/en\/wp-content\/uploads\/sites\/2\/2020\/07\/abstract-2468874_1280-300x158.jpg 300w, https:\/\/mentalspa.rs\/en\/wp-content\/uploads\/sites\/2\/2020\/07\/abstract-2468874_1280-1024x538.jpg 1024w, https:\/\/mentalspa.rs\/en\/wp-content\/uploads\/sites\/2\/2020\/07\/abstract-2468874_1280.jpg 1200w\" sizes=\"(max-width: 600px) 100vw, 600px\" \/><\/a><\/div><div class=\"w-post-elm post_content usg_post_content_1\">Biti u ljubavi, zna\u010di da sve, onakvo kakvo jeste, bude voljeno, da je sve onakvo kakvo jeste, primljeno u du\u0161i. To zna\u010di da mi to prihvatamo onakvo kakvo jeste i volimo onakvo kakvo jeste, ta\u010dno onakvo kakvo jeste. To takodje zna\u010di da prihvatamo ceo \u017eivot onakav kakav jeste, ta\u010dno onako&hellip;<\/div>\t<\/div>\r\n<\/article>\r\n<\/div><div class=\"w-grid-preloader\"><div class=\"g-preloader type_1\">\r\n\t<div><\/div>\r\n<\/div>\r\n<\/div>\t<div class=\"w-grid-json hidden\" onclick='return {&quot;action&quot;:&quot;us_ajax_grid&quot;,&quot;ajax_url&quot;:&quot;https:\\\/\\\/mentalspa.rs\\\/en\\\/wp-admin\\\/admin-ajax.php&quot;,&quot;infinite_scroll&quot;:0,&quot;max_num_pages&quot;:1,&quot;pagination&quot;:&quot;regular&quot;,&quot;permalink_url&quot;:&quot;https:\\\/\\\/mentalspa.rs\\\/en\\\/wp-json\\\/wp\\\/v2\\\/pages\\\/19&quot;,&quot;template_vars&quot;:{&quot;columns&quot;:&quot;2&quot;,&quot;exclude_items&quot;:&quot;none&quot;,&quot;img_size&quot;:&quot;default&quot;,&quot;ignore_items_size&quot;:false,&quot;items_layout&quot;:&quot;73&quot;,&quot;items_offset&quot;:&quot;1&quot;,&quot;load_animation&quot;:&quot;none&quot;,&quot;overriding_link&quot;:&quot;none&quot;,&quot;post_id&quot;:19,&quot;query_args&quot;:{&quot;post_type&quot;:[&quot;post&quot;],&quot;post_status&quot;:[&quot;publish&quot;],&quot;posts_per_page&quot;:&quot;10&quot;},&quot;orderby_query_args&quot;:{&quot;orderby&quot;:{&quot;date&quot;:&quot;DESC&quot;}},&quot;type&quot;:&quot;grid&quot;,&quot;us_grid_ajax_index&quot;:1,&quot;us_grid_filter_params&quot;:null,&quot;us_grid_index&quot;:1,&quot;_us_grid_post_type&quot;:&quot;post&quot;}}'><\/div>\r\n\t<\/div><\/div><\/div><\/div><\/div><\/div><\/div><\/div><\/div><\/div><\/section>\n","protected":false},"excerpt":{"rendered":"Biti u ljubavi, zna\u010di da sve, onakvo kakvo jeste, bude voljeno, da je sve onakvo kakvo jeste, primljeno u du\u0161i. To zna\u010di da mi to prihvatamo onakvo kakvo jeste i volimo onakvo kakvo jeste, ta\u010dno onakvo kakvo jeste. To takodje zna\u010di da prihvatamo ceo \u017eivot onakav kakav jeste, ta\u010dno onako kako jeste, vlastiti \u017eivot onakav...","protected":false},"author":1,"featured_media":238,"parent":0,"menu_order":0,"comment_status":"closed","ping_status":"closed","template":"","meta":[],"_links":{"self":[{"href":"https:\/\/mentalspa.rs\/en\/wp-json\/wp\/v2\/pages\/19"}],"collection":[{"href":"https:\/\/mentalspa.rs\/en\/wp-json\/wp\/v2\/pages"}],"about":[{"href":"https:\/\/mentalspa.rs\/en\/wp-json\/wp\/v2\/types\/page"}],"author":[{"embeddable":true,"href":"https:\/\/mentalspa.rs\/en\/wp-json\/wp\/v2\/users\/1"}],"replies":[{"embeddable":true,"href":"https:\/\/mentalspa.rs\/en\/wp-json\/wp\/v2\/comments?post=19"}],"version-history":[{"count":5,"href":"https:\/\/mentalspa.rs\/en\/wp-json\/wp\/v2\/pages\/19\/revisions"}],"predecessor-version":[{"id":229,"href":"https:\/\/mentalspa.rs\/en\/wp-json\/wp\/v2\/pages\/19\/revisions\/229"}],"wp:featuredmedia":[{"embeddable":true,"href":"https:\/\/mentalspa.rs\/en\/wp-json\/wp\/v2\/media\/238"}],"wp:attachment":[{"href":"https:\/\/mentalspa.rs\/en\/wp-json\/wp\/v2\/media?parent=19"}],"curies":[{"name":"wp","href":"https:\/\/api.w.org\/{rel}","templated":true}]}}