{"id":15,"date":"2020-07-17T14:02:09","date_gmt":"2020-07-17T14:02:09","guid":{"rendered":"https:\/\/mentalspa.rs\/?page_id=15"},"modified":"2021-01-16T10:34:56","modified_gmt":"2021-01-16T09:34:56","slug":"mental-spa-terapija-dragana-potic","status":"publish","type":"page","link":"https:\/\/mentalspa.rs\/en\/","title":{"rendered":"Mental spa terapija Dragana Poti\u0107"},"content":{"rendered":"<section class=\"l-section wpb_row height_full valign_center parallax_ver with_shape\"><div class=\"l-section-shape type_wave pos_bottom\" style=\"color:#ffffff;\"><svg xmlns=\"http:\/\/www.w3.org\/2000\/svg\" viewBox=\"0 4 64 4\" preserveAspectRatio=\"none\" width=\"100%\" height=\"100%\">\r\n\t<path fill=\"currentColor\" d=\"M64 6 C32 0 32 12 0 6 L0 8 L64 8 Z\"\/>\r\n<\/svg><\/div><div class=\"l-section-h i-cf\"><div class=\"g-cols vc_row type_default valign_middle\"><div class=\"vc_col-sm-12 wpb_column vc_column_container\"><div class=\"vc_column-inner\"><div class=\"wpb_wrapper\"><div class=\"g-cols wpb_row  type_default valign_top vc_inner\"><div class=\"vc_col-sm-7 wpb_column vc_column_container\"><div class=\"vc_column-inner\"><div class=\"wpb_wrapper\"><div class=\"w-separator size_small\"><\/div><\/div><\/div><\/div><div class=\"vc_col-sm-5 wpb_column vc_column_container\"><div class=\"vc_column-inner\"><div class=\"wpb_wrapper\"><div class=\"wpb_text_column us_custom_8b3d6790 has_text_color\" ><div class=\"wpb_wrapper\"><p><strong>I founded Education and Psychological Counseling Centre &#8220;Mental Spa&#8221; with the aim to promote healthy lifestyle.<\/strong><\/p>\n<\/div><\/div><div class=\"w-hwrapper align_left valign_top\"><div class=\"w-btn-wrapper width_auto align_left\"><a class=\"w-btn us-btn-style_5\" title=\"About the center\" href=\"https:\/\/mentalspa.rs\/en\/about\/\"><span class=\"w-btn-label\">About the center<\/span><\/a><\/div><div class=\"w-btn-wrapper width_auto align_left\"><a class=\"w-btn us-btn-style_6\" title=\"Therapies\" href=\"https:\/\/mentalspa.rs\/en\/therapy\/\"><span class=\"w-btn-label\">Therapies<\/span><\/a><\/div><\/div><\/div><\/div><\/div><\/div><\/div><\/div><\/div><\/div><\/div><\/section><section class=\"l-section wpb_row height_auto\"><div class=\"l-section-h i-cf\"><div class=\"g-cols vc_row type_default valign_top\"><div class=\"vc_col-sm-12 wpb_column vc_column_container\"><div class=\"vc_column-inner\"><div class=\"wpb_wrapper\"><div class=\"w-separator size_medium\"><\/div>[vc_custom_heading text=&#8221;Therapy&#8221; use_theme_fonts=&#8221;yes&#8221;]<div class=\"w-separator size_small\"><\/div><div class=\"g-cols wpb_row  type_default valign_top vc_inner\"><div class=\"vc_col-sm-12 wpb_column vc_column_container\"><div class=\"vc_column-inner\"><div class=\"wpb_wrapper\"><div class=\"w-grid type_grid layout_41 cols_3 overflow_hidden\" id=\"us_grid_1\" data-filterable=\"true\"><style id=\"us_grid_1_css\">#us_grid_1 .w-grid-item{padding:1.5rem}#us_grid_1 .w-grid-list{margin:-1.5rem}.w-grid + #us_grid_1 .w-grid-list{margin-top:1.5rem}@media (max-width:899px){#us_grid_1 .w-grid-item{width:50.0000%}}@media (max-width:599px){#us_grid_1 .w-grid-list{margin:0}#us_grid_1 .w-grid-item{width:100.0000%;padding:0;margin-bottom:1.5rem}}<\/style><style>.layout_41 .w-grid-item-h{background:#ffffff;color:#2b2b2b;border-radius:0.3rem;z-index:3;box-shadow:0 0.03rem 0.06rem rgba(0,0,0,0.1),0 0.10rem 0.30rem rgba(0,0,0,0.1);transition-duration:0.3s}.no-touch .layout_41 .w-grid-item-h:hover{box-shadow:0 0.10rem 0.20rem rgba(0,0,0,0.1),0 0.33rem 1.00rem rgba(0,0,0,0.15);z-index:4}.layout_41 .usg_post_title_1{font-size:1.4rem!important;font-weight:700!important}.layout_41 .usg_vwrapper_1{padding:9% 11% 11% 11%!important}@media (max-width:599px){.layout_41 .usg_post_title_1{font-size:1.2rem!important}}<\/style><div class=\"w-grid-list\" ><article class=\"w-grid-item size_1x1 post-189 us_portfolio type-us_portfolio status-publish has-post-thumbnail hentry us_portfolio_category-terapije\" data-id=\"189\">\r\n\t<div class=\"w-grid-item-h\">\r\n\t\t\t\t<div class=\"w-post-elm post_custom_field usg_post_custom_field_1 type_image\"><img width=\"600\" height=\"315\" src=\"https:\/\/mentalspa.rs\/en\/wp-content\/uploads\/sites\/2\/2020\/07\/mental_spa-10.svg\" class=\"attachment-us_600_315 size-us_600_315\" alt=\"\" loading=\"lazy\" \/><\/div><div class=\"w-vwrapper usg_vwrapper_1 align_center valign_middle\"><h2 class=\"w-post-elm post_title usg_post_title_1 entry-title color_link_inherit\"><a href=\"https:\/\/mentalspa.rs\/en\/therapy\/logosynthesis\/\">Logosynthesis<\/a><\/h2><div class=\"w-post-elm post_content usg_post_content_1\">\u2018If you think you can do a thing or think you can\u2019t do a thing, you\u2018re right.\u2019 Henry Ford Logosynthesis&hellip;<\/div><a class=\"w-btn us-btn-style_3 usg_btn_1\" href=\"https:\/\/mentalspa.rs\/en\/therapy\/logosynthesis\/\"><span class=\"w-btn-label\">Learn more&#8230;<\/span><\/a><\/div>\t<\/div>\r\n<\/article>\r\n<article class=\"w-grid-item size_1x1 post-52 us_portfolio type-us_portfolio status-publish has-post-thumbnail hentry us_portfolio_category-terapije\" data-id=\"52\">\r\n\t<div class=\"w-grid-item-h\">\r\n\t\t\t\t<div class=\"w-post-elm post_custom_field usg_post_custom_field_1 type_image\"><img width=\"600\" height=\"315\" src=\"https:\/\/mentalspa.rs\/en\/wp-content\/uploads\/sites\/2\/2020\/07\/mental_spa-01.svg\" class=\"attachment-us_600_315 size-us_600_315\" alt=\"\" loading=\"lazy\" \/><\/div><div class=\"w-vwrapper usg_vwrapper_1 align_center valign_middle\"><h2 class=\"w-post-elm post_title usg_post_title_1 entry-title color_link_inherit\"><a href=\"https:\/\/mentalspa.rs\/en\/therapy\/gestalt-therapy-2\/\">Gestalt therapy<\/a><\/h2><div class=\"w-post-elm post_content usg_post_content_1\">\u2018Be your true self and have faith in your inner self.\u2019 Fritz Perls At the beginning, this movement was called&hellip;<\/div><a class=\"w-btn us-btn-style_3 usg_btn_1\" href=\"https:\/\/mentalspa.rs\/en\/therapy\/gestalt-therapy-2\/\"><span class=\"w-btn-label\">Learn more&#8230;<\/span><\/a><\/div>\t<\/div>\r\n<\/article>\r\n<article class=\"w-grid-item size_1x1 post-21 us_portfolio type-us_portfolio status-publish has-post-thumbnail hentry us_portfolio_category-terapije\" data-id=\"21\">\r\n\t<div class=\"w-grid-item-h\">\r\n\t\t\t\t<div class=\"w-post-elm post_custom_field usg_post_custom_field_1 type_image\"><img width=\"600\" height=\"315\" src=\"https:\/\/mentalspa.rs\/en\/wp-content\/uploads\/sites\/2\/2020\/07\/bars-02.svg\" class=\"attachment-us_600_315 size-us_600_315\" alt=\"\" loading=\"lazy\" \/><\/div><div class=\"w-vwrapper usg_vwrapper_1 align_center valign_middle\"><h2 class=\"w-post-elm post_title usg_post_title_1 entry-title color_link_inherit\"><a href=\"https:\/\/mentalspa.rs\/en\/therapy\/access-bars-therapy-technique\/\">Access Bars\u00ae therapy technique<\/a><\/h2><div class=\"w-post-elm post_content usg_post_content_1\">Access Bars is a set of tools and techniques designed to help us change any aspect of our lives that&hellip;<\/div><a class=\"w-btn us-btn-style_3 usg_btn_1\" href=\"https:\/\/mentalspa.rs\/en\/therapy\/access-bars-therapy-technique\/\"><span class=\"w-btn-label\">Learn more&#8230;<\/span><\/a><\/div>\t<\/div>\r\n<\/article>\r\n<\/div><div class=\"w-grid-preloader\"><div class=\"g-preloader type_1\">\r\n\t<div><\/div>\r\n<\/div>\r\n<\/div>\t<div class=\"w-grid-json hidden\" onclick='return {&quot;action&quot;:&quot;us_ajax_grid&quot;,&quot;ajax_url&quot;:&quot;https:\\\/\\\/mentalspa.rs\\\/en\\\/wp-admin\\\/admin-ajax.php&quot;,&quot;infinite_scroll&quot;:0,&quot;max_num_pages&quot;:1,&quot;pagination&quot;:&quot;none&quot;,&quot;permalink_url&quot;:&quot;https:\\\/\\\/mentalspa.rs\\\/en\\\/wp-json\\\/wp\\\/v2\\\/pages\\\/15&quot;,&quot;template_vars&quot;:{&quot;columns&quot;:&quot;3&quot;,&quot;exclude_items&quot;:&quot;none&quot;,&quot;img_size&quot;:&quot;default&quot;,&quot;ignore_items_size&quot;:false,&quot;items_layout&quot;:&quot;41&quot;,&quot;items_offset&quot;:&quot;1&quot;,&quot;load_animation&quot;:&quot;none&quot;,&quot;overriding_link&quot;:&quot;none&quot;,&quot;post_id&quot;:15,&quot;query_args&quot;:{&quot;post_type&quot;:[&quot;us_portfolio&quot;],&quot;tax_query&quot;:[{&quot;taxonomy&quot;:&quot;us_portfolio_category&quot;,&quot;field&quot;:&quot;slug&quot;,&quot;terms&quot;:[&quot;terapije&quot;]}],&quot;post_status&quot;:[&quot;publish&quot;],&quot;posts_per_page&quot;:&quot;3&quot;},&quot;orderby_query_args&quot;:{&quot;orderby&quot;:{&quot;date&quot;:&quot;DESC&quot;}},&quot;type&quot;:&quot;grid&quot;,&quot;us_grid_ajax_index&quot;:1,&quot;us_grid_filter_params&quot;:null,&quot;us_grid_index&quot;:1,&quot;_us_grid_post_type&quot;:&quot;us_portfolio&quot;}}'><\/div>\r\n\t<\/div><\/div><\/div><\/div><\/div><\/div><\/div><\/div><\/div><\/div><\/section><section class=\"l-section wpb_row height_auto\"><div class=\"l-section-h i-cf\"><div class=\"g-cols vc_row type_default valign_top\"><div class=\"vc_col-sm-12 wpb_column vc_column_container\"><div class=\"vc_column-inner\"><div class=\"wpb_wrapper\"><div class=\"w-separator size_medium\"><\/div>[vc_custom_heading text=&#8221;Blog&#8221; use_theme_fonts=&#8221;yes&#8221;][vc_custom_heading text=&#8221;Available in Serbian only&#8221; font_container=&#8221;tag:h3|text_align:left&#8221; use_theme_fonts=&#8221;yes&#8221;]<div class=\"w-separator size_small\"><\/div><div class=\"g-cols wpb_row  type_default valign_top vc_inner\"><div class=\"vc_col-sm-12 wpb_column vc_column_container\"><div class=\"vc_column-inner\"><div class=\"wpb_wrapper\"><div class=\"w-grid type_grid layout_73 cols_3\" id=\"us_grid_2\"><style id=\"us_grid_2_css\">#us_grid_2 .w-grid-item{padding:1.5rem}#us_grid_2 .w-grid-list{margin:-1.5rem}.w-grid + #us_grid_2 .w-grid-list{margin-top:1.5rem}@media (max-width:899px){#us_grid_2 .w-grid-item{width:50.0000%}}@media (max-width:599px){#us_grid_2 .w-grid-list{margin:0}#us_grid_2 .w-grid-item{width:100.0000%;padding:0;margin-bottom:1.5rem}}<\/style><style>.layout_73 .w-grid-item-h{}.layout_73 .usg_post_title_1{font-size:1.4rem!important}.layout_73 .usg_post_image_1{margin-top:0.6rem!important}.layout_73 .usg_post_content_1{font-size:0.9rem!important;line-height:1.7!important;margin-top:0.8rem!important}@media (max-width:599px){.layout_73 .usg_post_title_1{font-size:1.2rem!important}}<\/style><div class=\"w-grid-list\" ><article class=\"w-grid-item size_1x1 post-103 post type-post status-publish format-standard has-post-thumbnail hentry category-blog\" data-id=\"103\">\r\n\t<div class=\"w-grid-item-h\">\r\n\t\t\t\t<h2 class=\"w-post-elm post_title usg_post_title_1 entry-title color_link_inherit\"><a href=\"https:\/\/mentalspa.rs\/en\/2020\/07\/21\/mentalna-higijena-znacaj-prevencije\/\">Mentalna higijena\/zna\u010daj prevencije<\/a><\/h2><div class=\"w-post-elm post_image usg_post_image_1 stretched\"><a href=\"https:\/\/mentalspa.rs\/en\/2020\/07\/21\/mentalna-higijena-znacaj-prevencije\/\" aria-label=\"Mentalna higijena\/zna\u010daj prevencije\"><img width=\"600\" height=\"315\" src=\"https:\/\/mentalspa.rs\/en\/wp-content\/uploads\/sites\/2\/2020\/07\/wmhd-600x315.jpg\" class=\"attachment-us_600_315 size-us_600_315 wp-post-image\" alt=\"\" loading=\"lazy\" srcset=\"https:\/\/mentalspa.rs\/en\/wp-content\/uploads\/sites\/2\/2020\/07\/wmhd-600x315.jpg 600w, https:\/\/mentalspa.rs\/en\/wp-content\/uploads\/sites\/2\/2020\/07\/wmhd-300x158.jpg 300w, https:\/\/mentalspa.rs\/en\/wp-content\/uploads\/sites\/2\/2020\/07\/wmhd-1024x538.jpg 1024w, https:\/\/mentalspa.rs\/en\/wp-content\/uploads\/sites\/2\/2020\/07\/wmhd.jpg 1200w\" sizes=\"(max-width: 600px) 100vw, 600px\" \/><\/a><\/div><div class=\"w-post-elm post_content usg_post_content_1\">Neodgovornost prema psihi\u010dkom zdravlju neretko doprinosi razvoju neprijatnih posledica (od psihi\u010dkih poreme\u0107aja, anksioznosti, teskobe, patnje do psihosomatskih oboljenja i\u00a0 kardiovaskularnih tegoba, alergijskih itd..Da li je samo neodgovornost ili nedovoljna svesnost ljudi o zna\u010daju ne samo prevencije ve\u0107 i promocije mentalnog zdravlja kao i le\u010denju poreme\u0107aja i oboljenja. Istra\u017eivanja pokazuju da&hellip;<\/div>\t<\/div>\r\n<\/article>\r\n<article class=\"w-grid-item size_1x1 post-95 post type-post status-publish format-standard has-post-thumbnail hentry category-blog\" data-id=\"95\">\r\n\t<div class=\"w-grid-item-h\">\r\n\t\t\t\t<h2 class=\"w-post-elm post_title usg_post_title_1 entry-title color_link_inherit\"><a href=\"https:\/\/mentalspa.rs\/en\/2020\/07\/21\/internacionalni-interdisciplinarni-kongres-gestalt-terapije\/\">Internacionalni interdisciplinarni Kongres ge\u0161talt terapije<\/a><\/h2><div class=\"w-post-elm post_image usg_post_image_1 stretched\"><a href=\"https:\/\/mentalspa.rs\/en\/2020\/07\/21\/internacionalni-interdisciplinarni-kongres-gestalt-terapije\/\" aria-label=\"Internacionalni interdisciplinarni Kongres ge\u0161talt terapije\"><img width=\"600\" height=\"315\" src=\"https:\/\/mentalspa.rs\/en\/wp-content\/uploads\/sites\/2\/2020\/07\/20170924_094205-600x315.jpg\" class=\"attachment-us_600_315 size-us_600_315 wp-post-image\" alt=\"\" loading=\"lazy\" srcset=\"https:\/\/mentalspa.rs\/en\/wp-content\/uploads\/sites\/2\/2020\/07\/20170924_094205-600x315.jpg 600w, https:\/\/mentalspa.rs\/en\/wp-content\/uploads\/sites\/2\/2020\/07\/20170924_094205-300x158.jpg 300w, https:\/\/mentalspa.rs\/en\/wp-content\/uploads\/sites\/2\/2020\/07\/20170924_094205-1024x538.jpg 1024w, https:\/\/mentalspa.rs\/en\/wp-content\/uploads\/sites\/2\/2020\/07\/20170924_094205.jpg 1200w\" sizes=\"(max-width: 600px) 100vw, 600px\" \/><\/a><\/div><div class=\"w-post-elm post_content usg_post_content_1\">Zavr\u0161en je Drugi internacionalni Kongres Ge\u0161talt terapije, odr\u017ean ove godine u Beogradu u organizaciji Srpskog udru\u017eenja za ge\u0161talt psihoterapiju. Tema\u00a0\u00a0 Kongresa bila je ,,\u010covek i procesi promene \u2013 implikacije za ge\u0161talt terapiju,, Koncepcija Kongresa se sastojala iz predavanja i radionica, a gosti\u00a0 su bili iz raznih zemalja od Sad-a, Francuske,&hellip;<\/div>\t<\/div>\r\n<\/article>\r\n<article class=\"w-grid-item size_1x1 post-85 post type-post status-publish format-standard has-post-thumbnail hentry category-blog\" data-id=\"85\">\r\n\t<div class=\"w-grid-item-h\">\r\n\t\t\t\t<h2 class=\"w-post-elm post_title usg_post_title_1 entry-title color_link_inherit\"><a href=\"https:\/\/mentalspa.rs\/en\/2020\/07\/21\/futuroloska-skola-ne-tako-daleka-buducnost\/\">Futurolo\u0161ka \u0161kola \u2013 ne tako daleka budu\u0107nost<\/a><\/h2><div class=\"w-post-elm post_image usg_post_image_1 stretched\"><a href=\"https:\/\/mentalspa.rs\/en\/2020\/07\/21\/futuroloska-skola-ne-tako-daleka-buducnost\/\" aria-label=\"Futurolo\u0161ka \u0161kola \u2013 ne tako daleka budu\u0107nost\"><img width=\"600\" height=\"315\" src=\"https:\/\/mentalspa.rs\/en\/wp-content\/uploads\/sites\/2\/2020\/07\/knjige-600x315.jpg\" class=\"attachment-us_600_315 size-us_600_315 wp-post-image\" alt=\"\" loading=\"lazy\" srcset=\"https:\/\/mentalspa.rs\/en\/wp-content\/uploads\/sites\/2\/2020\/07\/knjige-600x315.jpg 600w, https:\/\/mentalspa.rs\/en\/wp-content\/uploads\/sites\/2\/2020\/07\/knjige-300x158.jpg 300w, https:\/\/mentalspa.rs\/en\/wp-content\/uploads\/sites\/2\/2020\/07\/knjige-1024x538.jpg 1024w, https:\/\/mentalspa.rs\/en\/wp-content\/uploads\/sites\/2\/2020\/07\/knjige.jpg 1200w\" sizes=\"(max-width: 600px) 100vw, 600px\" \/><\/a><\/div><div class=\"w-post-elm post_content usg_post_content_1\">Daleka budu\u0107nost prebrzo je stigla do na\u0161ih \u0161kola. Obrazovanje i \u0161kole u budu\u0107nosti, Mo\u017eda nam je ta budu\u0107nost vec do\u0161la, a \u00a0mi se nismo spremili za nju? Obrazovanje svakako \u00a0treba da bude priprema za odredjenu budu\u0107nost. \u00a0Nasa budu\u0107nost koja je na silu postala i \u017eivi globalnu sliku sada nas usmerava&hellip;<\/div>\t<\/div>\r\n<\/article>\r\n<\/div><div class=\"w-grid-preloader\"><div class=\"g-preloader type_1\">\r\n\t<div><\/div>\r\n<\/div>\r\n<\/div>\t<div class=\"w-grid-json hidden\" onclick='return {&quot;action&quot;:&quot;us_ajax_grid&quot;,&quot;ajax_url&quot;:&quot;https:\\\/\\\/mentalspa.rs\\\/en\\\/wp-admin\\\/admin-ajax.php&quot;,&quot;infinite_scroll&quot;:0,&quot;max_num_pages&quot;:2,&quot;pagination&quot;:&quot;none&quot;,&quot;permalink_url&quot;:&quot;https:\\\/\\\/mentalspa.rs\\\/en\\\/wp-json\\\/wp\\\/v2\\\/pages\\\/15&quot;,&quot;template_vars&quot;:{&quot;columns&quot;:&quot;3&quot;,&quot;exclude_items&quot;:&quot;none&quot;,&quot;img_size&quot;:&quot;default&quot;,&quot;ignore_items_size&quot;:false,&quot;items_layout&quot;:&quot;73&quot;,&quot;items_offset&quot;:&quot;1&quot;,&quot;load_animation&quot;:&quot;none&quot;,&quot;overriding_link&quot;:&quot;none&quot;,&quot;post_id&quot;:21,&quot;query_args&quot;:{&quot;post_type&quot;:[&quot;post&quot;],&quot;post_status&quot;:[&quot;publish&quot;],&quot;posts_per_page&quot;:&quot;3&quot;},&quot;orderby_query_args&quot;:{&quot;orderby&quot;:{&quot;date&quot;:&quot;DESC&quot;}},&quot;type&quot;:&quot;grid&quot;,&quot;us_grid_ajax_index&quot;:1,&quot;us_grid_filter_params&quot;:null,&quot;us_grid_index&quot;:2,&quot;_us_grid_post_type&quot;:&quot;post&quot;}}'><\/div>\r\n\t<\/div><\/div><\/div><\/div><\/div><div class=\"w-separator size_medium\"><\/div><\/div><\/div><\/div><\/div><\/div><\/section><section class=\"l-section wpb_row height_auto width_full\"><div class=\"l-section-h i-cf\"><div class=\"g-cols vc_row type_default valign_top\"><div class=\"vc_col-sm-12 wpb_column vc_column_container\"><div class=\"vc_column-inner\"><div class=\"wpb_wrapper\"><div class=\"g-cols wpb_row  type_default valign_top vc_inner\"><div class=\"vc_col-sm-12 wpb_column vc_column_container\"><div class=\"vc_column-inner\"><div class=\"wpb_wrapper\"><div class=\"w-actionbox color_primary controls_right\"><div class=\"w-actionbox-text\"><h2>Book appointment<\/h2><p>Scheduling a meeting is mandatory and you can do so by clicking on Book appointment or contact me by clicking on Contact.<\/p>\n<\/div><div class=\"w-actionbox-controls\"><a class=\"w-btn us-btn-style_5\" target=\"_blank\" href=\"#\" rel=\"noopener\"><span class=\"w-btn-label\">Book appointment<\/span><\/a><a class=\"w-btn us-btn-style_5\" title=\"Contact\" href=\"https:\/\/mentalspa.rs\/en\/contact\/\"><span class=\"w-btn-label\">Contact<\/span><\/a><\/div><\/div><\/div><\/div><\/div><\/div><\/div><\/div><\/div><\/div><\/div><\/section>\n","protected":false},"excerpt":{"rendered":"Daleka budu\u0107nost prebrzo je stigla do na\u0161ih \u0161kola. Obrazovanje i \u0161kole u budu\u0107nosti, Mo\u017eda nam je ta budu\u0107nost vec do\u0161la, a \u00a0mi se nismo spremili za nju? Obrazovanje svakako \u00a0treba da bude priprema za odredjenu budu\u0107nost. \u00a0Nasa budu\u0107nost koja je na silu postala i \u017eivi globalnu sliku sada nas usmerava na potrebe koje su takodje...","protected":false},"author":1,"featured_media":121,"parent":0,"menu_order":0,"comment_status":"closed","ping_status":"closed","template":"","meta":[],"_links":{"self":[{"href":"https:\/\/mentalspa.rs\/en\/wp-json\/wp\/v2\/pages\/15"}],"collection":[{"href":"https:\/\/mentalspa.rs\/en\/wp-json\/wp\/v2\/pages"}],"about":[{"href":"https:\/\/mentalspa.rs\/en\/wp-json\/wp\/v2\/types\/page"}],"author":[{"embeddable":true,"href":"https:\/\/mentalspa.rs\/en\/wp-json\/wp\/v2\/users\/1"}],"replies":[{"embeddable":true,"href":"https:\/\/mentalspa.rs\/en\/wp-json\/wp\/v2\/comments?post=15"}],"version-history":[{"count":6,"href":"https:\/\/mentalspa.rs\/en\/wp-json\/wp\/v2\/pages\/15\/revisions"}],"predecessor-version":[{"id":231,"href":"https:\/\/mentalspa.rs\/en\/wp-json\/wp\/v2\/pages\/15\/revisions\/231"}],"wp:featuredmedia":[{"embeddable":true,"href":"https:\/\/mentalspa.rs\/en\/wp-json\/wp\/v2\/media\/121"}],"wp:attachment":[{"href":"https:\/\/mentalspa.rs\/en\/wp-json\/wp\/v2\/media?parent=15"}],"curies":[{"name":"wp","href":"https:\/\/api.w.org\/{rel}","templated":true}]}}